{"id":4374,"date":"2018-06-21T21:32:15","date_gmt":"2018-06-21T19:32:15","guid":{"rendered":"http:\/\/infra-mince.com\/wp-arch\/es\/?page_id=4374"},"modified":"2024-10-03T11:20:51","modified_gmt":"2024-10-03T09:20:51","slug":"proyectos","status":"publish","type":"page","link":"http:\/\/infra-mince.com\/en\/infra-mince-home-2\/como\/proyectos\/","title":{"rendered":"Selecci\u00f3n de Proyectos"},"content":{"rendered":"<p>[vc_row row_content_width=&#8221;grid&#8221; css=&#8221;.vc_custom_1534955947983{padding-bottom: 50px !important;}&#8221;][vc_column offset=&#8221;vc_col-md-offset-0 vc_col-md-12 vc_col-sm-offset-0 vc_col-xs-12&#8243;]<div class=\"edgtf-portfolio-list-holder edgtf-pl-gallery edgtf-tiny-space edgtf-pl-three-columns edgtf-pl-standard-shader edgtf-pl-skin-light    edgtf-pl-pag-no-pagination edgtf-pl-has-filter     edgtf-three-images-scrollable\"  data-type=gallery data-number-of-columns=3 data-space-between-items=tiny data-number-of-items=-1 data-image-proportions=full data-enable-fixed-proportions=no data-enable-image-shadow=no data-orderby=rand data-order=ASC data-item-style=standard-shader data-item-skin=light data-enable-title=yes data-title-tag=h4 data-enable-category=no data-enable-count-images=yes data-enable-excerpt=yes data-excerpt-length=150 data-additional-data=year data-three-images=yes data-pagination-type=no-pagination data-filter=yes data-filter-order-by=name data-enable-article-animation=no data-portfolio-slider-on=no data-enable-loop=yes data-enable-autoplay=yes data-slider-speed=5000 data-slider-speed-animation=600 data-enable-navigation=yes data-out-navigation=yes data-enable-pagination=yes data-max-num-pages=0 data-next-page=2>\n\t\t<div class=\"edgtf-pl-filter-holder\" >\n\t\t<div class=\"edgtf-plf-inner\">\n\t\t\t\t\t\t\t<ul >\n\t\t\t\t\t<li class=\"edgtf-pl-filter\" data-filter=\"\">\n\t\t\t\t\t\t<span>Show all<\/span>\n\t\t\t\t\t<\/li>\n\t\t\t\t\t\t\t\t\t\t\t<li class=\"edgtf-pl-filter\" data-filter=\".portfolio-category-bim-as-built\">\n\t\t\t\t\t\t\t<span>BIM \/ As-Built<\/span>\n\t\t\t\t\t\t<\/li>\n\t\t\t\t\t\t\t\t\t\t\t<li class=\"edgtf-pl-filter\" data-filter=\".portfolio-category-parametrics-cad-cam\">\n\t\t\t\t\t\t\t<span>Parametrics \/ CAD_CAM<\/span>\n\t\t\t\t\t\t<\/li>\n\t\t\t\t\t\t\t\t\t\t\t<li class=\"edgtf-pl-filter\" data-filter=\".portfolio-category-patrimonio\">\n\t\t\t\t\t\t\t<span>Patrimonio \/ HBIM<\/span>\n\t\t\t\t\t\t<\/li>\n\t\t\t\t\t\t\t\t\t<\/ul>\n\t\t\t\t\t<\/div>\n\t<\/div>\n\t<div class=\"edgtf-pl-inner edgtf-outer-space  clearfix\">\n\t\t<article class=\"edgtf-pl-item edgtf-item-space  post-4754 portfolio-item type-portfolio-item status-publish has-post-thumbnail hentry portfolio-category-parametrics-cad-cam portfolio-tag-cad-cam-diseno-industrial-arquitectura-efimera-estands-multimedia\">\n\t<div class=\"edgtf-pl-item-inner\">\n\t\t<div class=\"edgtf-pli-image\">\n\t<img fetchpriority=\"high\" decoding=\"async\" width=\"559\" height=\"559\" src=\"http:\/\/infra-mince.com\/wp-content\/uploads\/2018\/08\/2179_th.jpg\" class=\"attachment-full size-full wp-post-image\" alt=\"\" srcset=\"http:\/\/infra-mince.com\/wp-content\/uploads\/2018\/08\/2179_th.jpg 559w, http:\/\/infra-mince.com\/wp-content\/uploads\/2018\/08\/2179_th-150x150.jpg 150w, http:\/\/infra-mince.com\/wp-content\/uploads\/2018\/08\/2179_th-300x300.jpg 300w, http:\/\/infra-mince.com\/wp-content\/uploads\/2018\/08\/2179_th-550x550.jpg 550w\" sizes=\"(max-width: 559px) 100vw, 559px\" \/><\/div>\n<div class=\"edgtf-pli-text-holder\">\n\t<div class=\"edgtf-pli-text-wrapper\">\n\t\t<div class=\"edgtf-pli-text\">\n\t\t\t\n\t\t\t\t<h4 itemprop=\"name\" class=\"edgtf-pli-title entry-title\" >\n\t\tEstand &#8220;HP Latex Atmosphere Experience&#8221;\t<\/h4>\n\n\t\t\t\n\t\t\t\t<p itemprop=\"description\" class=\"edgtf-pli-excerpt\">Showroom itinerante para Hewlett Packard. SGIA Las Vegas. USA &nbsp; &nbsp; El estand HP Latex Experience tiene que cumplir tres premisas: crear un es<\/p>\n\t\t\t<div class=\"edgtf-pli-text-read-more-button\">\n\t\t\t\t<a itemprop=\"url\" href=\"http:\/\/infra-mince.com\/en\/portfolio-item\/hp_latex\/\" target=\"_self\" class=\"edgtf-btn edgtf-btn-medium edgtf-btn-simple edgtf-pli-button\">\n\t\t\t\t\t<svg version=\"1.1\" id=\"btn-arrow-198758760\" xmlns=\"http:\/\/www.w3.org\/2000\/svg\" xmlns:xlink=\"http:\/\/www.w3.org\/1999\/xlink\" x=\"0px\" y=\"0px\"\n\t\t\t\t\t\t width=\"18px\" height=\"4px\" viewBox=\"0 0 18 4\" enable-background=\"new 0 0 18 4\" xml:space=\"preserve\">\n                <polyline fill=\"none\" stroke=\"#323232\" stroke-miterlimit=\"10\" points=\"0,3.508 16.809,3.508 13.686,0.342 \"\/>\n                <\/svg>\n\t\t\t\t<\/a>\n\t\t\t<\/div>\n\t\t<\/div>\n\t<\/div>\n<\/div>\t\t\n\t\t<a itemprop=\"url\" class=\"edgtf-pli-link edgtf-block-drag-link\" href=\"http:\/\/infra-mince.com\/en\/portfolio-item\/hp_latex\/\" target=\"_self\"><\/a>\n\t<\/div>\n<\/article><article class=\"edgtf-pl-item edgtf-item-space  post-4729 portfolio-item type-portfolio-item status-publish has-post-thumbnail hentry portfolio-category-parametrics-cad-cam portfolio-tag-cad-cam-diseno-industrial-arquitectura-efimera-estands-interaccion-multimedia\">\n\t<div class=\"edgtf-pl-item-inner\">\n\t\t<div class=\"edgtf-pli-image\">\n\t<img decoding=\"async\" width=\"619\" height=\"619\" src=\"http:\/\/infra-mince.com\/wp-content\/uploads\/2018\/08\/2359_th-1.jpg\" class=\"attachment-full size-full wp-post-image\" alt=\"\" srcset=\"http:\/\/infra-mince.com\/wp-content\/uploads\/2018\/08\/2359_th-1.jpg 619w, http:\/\/infra-mince.com\/wp-content\/uploads\/2018\/08\/2359_th-1-150x150.jpg 150w, http:\/\/infra-mince.com\/wp-content\/uploads\/2018\/08\/2359_th-1-300x300.jpg 300w, http:\/\/infra-mince.com\/wp-content\/uploads\/2018\/08\/2359_th-1-550x550.jpg 550w\" sizes=\"(max-width: 619px) 100vw, 619px\" \/><\/div>\n<div class=\"edgtf-pli-text-holder\">\n\t<div class=\"edgtf-pli-text-wrapper\">\n\t\t<div class=\"edgtf-pli-text\">\n\t\t\t\n\t\t\t\t<h4 itemprop=\"name\" class=\"edgtf-pli-title entry-title\" >\n\t\tEstand para Digital Ecosystems\t<\/h4>\n\n\t\t\t    <div class=\"edgtf-gli-number-of-images-holder\" >\n        <span>13 pics<\/span>\n    <\/div>\n\n\n\t\t\t\t<p itemprop=\"description\" class=\"edgtf-pli-excerpt\">Webit Congress 2012. Estambul Una estructura de p\u00edxels fue la base para desarrollar el estand para Digital Ecosystems, una empresa griega dedicada al<\/p>\n\t\t\t<div class=\"edgtf-pli-text-read-more-button\">\n\t\t\t\t<a itemprop=\"url\" href=\"http:\/\/infra-mince.com\/en\/portfolio-item\/digital_eco\/\" target=\"_self\" class=\"edgtf-btn edgtf-btn-medium edgtf-btn-simple edgtf-pli-button\">\n\t\t\t\t\t<svg version=\"1.1\" id=\"btn-arrow-1327344463\" xmlns=\"http:\/\/www.w3.org\/2000\/svg\" xmlns:xlink=\"http:\/\/www.w3.org\/1999\/xlink\" x=\"0px\" y=\"0px\"\n\t\t\t\t\t\t width=\"18px\" height=\"4px\" viewBox=\"0 0 18 4\" enable-background=\"new 0 0 18 4\" xml:space=\"preserve\">\n                <polyline fill=\"none\" stroke=\"#323232\" stroke-miterlimit=\"10\" points=\"0,3.508 16.809,3.508 13.686,0.342 \"\/>\n                <\/svg>\n\t\t\t\t<\/a>\n\t\t\t<\/div>\n\t\t<\/div>\n\t<\/div>\n<\/div>\t\t\n\t\t<a itemprop=\"url\" class=\"edgtf-pli-link edgtf-block-drag-link\" href=\"http:\/\/infra-mince.com\/en\/portfolio-item\/digital_eco\/\" target=\"_self\"><\/a>\n\t<\/div>\n<\/article><article class=\"edgtf-pl-item edgtf-item-space  post-4577 portfolio-item type-portfolio-item status-publish has-post-thumbnail hentry portfolio-category-parametrics-cad-cam portfolio-tag-modelado-parametrico-cad-cam-diseno-industrial-mobiliario-arquitectura-efimera-exposiciones-control-luminico-interaccion-multimedia-robotica-impresion-3d-gestion-on-line\">\n\t<div class=\"edgtf-pl-item-inner\">\n\t\t<div class=\"edgtf-pli-image\">\n\t<img decoding=\"async\" width=\"682\" height=\"682\" src=\"http:\/\/infra-mince.com\/wp-content\/uploads\/2018\/08\/2478_mosca.jpg\" class=\"attachment-full size-full wp-post-image\" alt=\"\" srcset=\"http:\/\/infra-mince.com\/wp-content\/uploads\/2018\/08\/2478_mosca.jpg 682w, http:\/\/infra-mince.com\/wp-content\/uploads\/2018\/08\/2478_mosca-150x150.jpg 150w, http:\/\/infra-mince.com\/wp-content\/uploads\/2018\/08\/2478_mosca-300x300.jpg 300w, http:\/\/infra-mince.com\/wp-content\/uploads\/2018\/08\/2478_mosca-550x550.jpg 550w\" sizes=\"(max-width: 682px) 100vw, 682px\" \/><\/div>\n<div class=\"edgtf-pli-text-holder\">\n\t<div class=\"edgtf-pli-text-wrapper\">\n\t\t<div class=\"edgtf-pli-text\">\n\t\t\t\n\t\t\t\t<h4 itemprop=\"name\" class=\"edgtf-pli-title entry-title\" >\n\t\tExposici\u00f3n temporal &#8220;Talking Brains: Programados para hablar&#8221;\t<\/h4>\n\n\t\t\t    <div class=\"edgtf-gli-number-of-images-holder\" >\n        <span>24 pics<\/span>\n    <\/div>\n\n\n\t\t\t\t<p itemprop=\"description\" class=\"edgtf-pli-excerpt\">Cosmocaixa. Barcelona Talking Brains es una exposici\u00f3n que crea experiencias, incita a la imaginaci\u00f3n y muestra c\u00f3mo el lenguaje est\u00e1 conectado a <\/p>\n\t\t\t<div class=\"edgtf-pli-text-read-more-button\">\n\t\t\t\t<a itemprop=\"url\" href=\"http:\/\/infra-mince.com\/en\/portfolio-item\/talking_brains\/\" target=\"_self\" class=\"edgtf-btn edgtf-btn-medium edgtf-btn-simple edgtf-pli-button\">\n\t\t\t\t\t<svg version=\"1.1\" id=\"btn-arrow-18980004\" xmlns=\"http:\/\/www.w3.org\/2000\/svg\" xmlns:xlink=\"http:\/\/www.w3.org\/1999\/xlink\" x=\"0px\" y=\"0px\"\n\t\t\t\t\t\t width=\"18px\" height=\"4px\" viewBox=\"0 0 18 4\" enable-background=\"new 0 0 18 4\" xml:space=\"preserve\">\n                <polyline fill=\"none\" stroke=\"#323232\" stroke-miterlimit=\"10\" points=\"0,3.508 16.809,3.508 13.686,0.342 \"\/>\n                <\/svg>\n\t\t\t\t<\/a>\n\t\t\t<\/div>\n\t\t<\/div>\n\t<\/div>\n<\/div>\t\t\n\t\t<a itemprop=\"url\" class=\"edgtf-pli-link edgtf-block-drag-link\" href=\"http:\/\/infra-mince.com\/en\/portfolio-item\/talking_brains\/\" target=\"_self\"><\/a>\n\t<\/div>\n<\/article><article class=\"edgtf-pl-item edgtf-item-space  post-4408 portfolio-item type-portfolio-item status-publish has-post-thumbnail hentry portfolio-category-bim-as-built portfolio-tag-arquitectura\">\n\t<div class=\"edgtf-pl-item-inner\">\n\t\t<div class=\"edgtf-pli-image\">\n\t<img loading=\"lazy\" decoding=\"async\" width=\"960\" height=\"638\" src=\"http:\/\/infra-mince.com\/wp-content\/uploads\/2018\/06\/5856676575_a000758ed8_o.jpg\" class=\"attachment-full size-full wp-post-image\" alt=\"\" srcset=\"http:\/\/infra-mince.com\/wp-content\/uploads\/2018\/06\/5856676575_a000758ed8_o.jpg 960w, http:\/\/infra-mince.com\/wp-content\/uploads\/2018\/06\/5856676575_a000758ed8_o-300x199.jpg 300w, http:\/\/infra-mince.com\/wp-content\/uploads\/2018\/06\/5856676575_a000758ed8_o-768x510.jpg 768w\" sizes=\"(max-width: 960px) 100vw, 960px\" \/><\/div>\n<div class=\"edgtf-pli-text-holder\">\n\t<div class=\"edgtf-pli-text-wrapper\">\n\t\t<div class=\"edgtf-pli-text\">\n\t\t\t\n\t\t\t\t<h4 itemprop=\"name\" class=\"edgtf-pli-title entry-title\" >\n\t\tVivienda unifamiliar Casa Cotano\t<\/h4>\n\n\t\t\t    <div class=\"edgtf-gli-number-of-images-holder\" >\n        <span>18 pics<\/span>\n    <\/div>\n\n\n\t\t\t\t<p itemprop=\"description\" class=\"edgtf-pli-excerpt\">Breda. Girona Proyecto y direcci\u00f3n de las obras de vivienda unifamiliar aislada situada en el \u00e1rea residencial de Breda (Girona). Vivienda de una so<\/p>\n\t\t\t<div class=\"edgtf-pli-text-read-more-button\">\n\t\t\t\t<a itemprop=\"url\" href=\"http:\/\/infra-mince.com\/en\/portfolio-item\/casa_cotano\/\" target=\"_self\" class=\"edgtf-btn edgtf-btn-medium edgtf-btn-simple edgtf-pli-button\">\n\t\t\t\t\t<svg version=\"1.1\" id=\"btn-arrow-1940085436\" xmlns=\"http:\/\/www.w3.org\/2000\/svg\" xmlns:xlink=\"http:\/\/www.w3.org\/1999\/xlink\" x=\"0px\" y=\"0px\"\n\t\t\t\t\t\t width=\"18px\" height=\"4px\" viewBox=\"0 0 18 4\" enable-background=\"new 0 0 18 4\" xml:space=\"preserve\">\n                <polyline fill=\"none\" stroke=\"#323232\" stroke-miterlimit=\"10\" points=\"0,3.508 16.809,3.508 13.686,0.342 \"\/>\n                <\/svg>\n\t\t\t\t<\/a>\n\t\t\t<\/div>\n\t\t<\/div>\n\t<\/div>\n<\/div>\t\t\n\t\t<a itemprop=\"url\" class=\"edgtf-pli-link edgtf-block-drag-link\" href=\"http:\/\/infra-mince.com\/en\/portfolio-item\/casa_cotano\/\" target=\"_self\"><\/a>\n\t<\/div>\n<\/article><article class=\"edgtf-pl-item edgtf-item-space  post-4337 portfolio-item type-portfolio-item status-publish has-post-thumbnail hentry portfolio-category-bim-as-built portfolio-category-parametrics-cad-cam portfolio-tag-cad-cam-diseno-industrial-arquitectura\">\n\t<div class=\"edgtf-pl-item-inner\">\n\t\t<div class=\"edgtf-pli-image\">\n\t<img loading=\"lazy\" decoding=\"async\" width=\"1024\" height=\"678\" src=\"http:\/\/infra-mince.com\/wp-content\/uploads\/2018\/06\/5863617635_c0a18b8a58_b.jpg\" class=\"attachment-full size-full wp-post-image\" alt=\"\" srcset=\"http:\/\/infra-mince.com\/wp-content\/uploads\/2018\/06\/5863617635_c0a18b8a58_b.jpg 1024w, http:\/\/infra-mince.com\/wp-content\/uploads\/2018\/06\/5863617635_c0a18b8a58_b-300x199.jpg 300w, http:\/\/infra-mince.com\/wp-content\/uploads\/2018\/06\/5863617635_c0a18b8a58_b-768x509.jpg 768w\" sizes=\"(max-width: 1024px) 100vw, 1024px\" \/><\/div>\n<div class=\"edgtf-pli-text-holder\">\n\t<div class=\"edgtf-pli-text-wrapper\">\n\t\t<div class=\"edgtf-pli-text\">\n\t\t\t\n\t\t\t\t<h4 itemprop=\"name\" class=\"edgtf-pli-title entry-title\" >\n\t\tEdificio Toyota Eco-Movilidad\t<\/h4>\n\n\t\t\t    <div class=\"edgtf-gli-number-of-images-holder\" >\n        <span>24 pics<\/span>\n    <\/div>\n\n\n\t\t\t\t<p itemprop=\"description\" class=\"edgtf-pli-excerpt\">F\u00f3rum Universal de las Culturas. Barcelona \u00bfC\u00f3mo nos desplazaremos en el futuro? \u00bfPodremos hacerlo sin da\u00f1ar el medio ambiente? Estas son algunas<\/p>\n\t\t\t<div class=\"edgtf-pli-text-read-more-button\">\n\t\t\t\t<a itemprop=\"url\" href=\"http:\/\/infra-mince.com\/en\/portfolio-item\/toyota\/\" target=\"_self\" class=\"edgtf-btn edgtf-btn-medium edgtf-btn-simple edgtf-pli-button\">\n\t\t\t\t\t<svg version=\"1.1\" id=\"btn-arrow-51218351\" xmlns=\"http:\/\/www.w3.org\/2000\/svg\" xmlns:xlink=\"http:\/\/www.w3.org\/1999\/xlink\" x=\"0px\" y=\"0px\"\n\t\t\t\t\t\t width=\"18px\" height=\"4px\" viewBox=\"0 0 18 4\" enable-background=\"new 0 0 18 4\" xml:space=\"preserve\">\n                <polyline fill=\"none\" stroke=\"#323232\" stroke-miterlimit=\"10\" points=\"0,3.508 16.809,3.508 13.686,0.342 \"\/>\n                <\/svg>\n\t\t\t\t<\/a>\n\t\t\t<\/div>\n\t\t<\/div>\n\t<\/div>\n<\/div>\t\t\n\t\t<a itemprop=\"url\" class=\"edgtf-pli-link edgtf-block-drag-link\" href=\"http:\/\/infra-mince.com\/en\/portfolio-item\/toyota\/\" target=\"_self\"><\/a>\n\t<\/div>\n<\/article><article class=\"edgtf-pl-item edgtf-item-space  post-4269 portfolio-item type-portfolio-item status-publish has-post-thumbnail hentry portfolio-category-bim-as-built portfolio-category-patrimonio portfolio-tag-cad-cam-mobiliario-arquitectura-patrimonio-control-luminico-multimedia\">\n\t<div class=\"edgtf-pl-item-inner\">\n\t\t<div class=\"edgtf-pli-image\">\n\t<img loading=\"lazy\" decoding=\"async\" width=\"680\" height=\"1024\" src=\"http:\/\/infra-mince.com\/wp-content\/uploads\/2018\/06\/6390555285_18cc3da063_b.jpg\" class=\"attachment-full size-full wp-post-image\" alt=\"\" srcset=\"http:\/\/infra-mince.com\/wp-content\/uploads\/2018\/06\/6390555285_18cc3da063_b.jpg 680w, http:\/\/infra-mince.com\/wp-content\/uploads\/2018\/06\/6390555285_18cc3da063_b-199x300.jpg 199w\" sizes=\"(max-width: 680px) 100vw, 680px\" \/><\/div>\n<div class=\"edgtf-pli-text-holder\">\n\t<div class=\"edgtf-pli-text-wrapper\">\n\t\t<div class=\"edgtf-pli-text\">\n\t\t\t\n\t\t\t\t<h4 itemprop=\"name\" class=\"edgtf-pli-title entry-title\" >\n\t\tReforma interior de la Catedral del Salvador\t<\/h4>\n\n\t\t\t    <div class=\"edgtf-gli-number-of-images-holder\" >\n        <span>22 pics<\/span>\n    <\/div>\n\n\n\t\t\t\t<p itemprop=\"description\" class=\"edgtf-pli-excerpt\">Santo Domingo de la Calzada. La Rioja En el interior de la Catedral se actu\u00f3 tanto sobre la arquitectura como sobre los sistemas de informaci\u00f3n de l<\/p>\n\t\t\t<div class=\"edgtf-pli-text-read-more-button\">\n\t\t\t\t<a itemprop=\"url\" href=\"http:\/\/infra-mince.com\/en\/portfolio-item\/catedral-santo-domingo\/\" target=\"_self\" class=\"edgtf-btn edgtf-btn-medium edgtf-btn-simple edgtf-pli-button\">\n\t\t\t\t\t<svg version=\"1.1\" id=\"btn-arrow-1606928659\" xmlns=\"http:\/\/www.w3.org\/2000\/svg\" xmlns:xlink=\"http:\/\/www.w3.org\/1999\/xlink\" x=\"0px\" y=\"0px\"\n\t\t\t\t\t\t width=\"18px\" height=\"4px\" viewBox=\"0 0 18 4\" enable-background=\"new 0 0 18 4\" xml:space=\"preserve\">\n                <polyline fill=\"none\" stroke=\"#323232\" stroke-miterlimit=\"10\" points=\"0,3.508 16.809,3.508 13.686,0.342 \"\/>\n                <\/svg>\n\t\t\t\t<\/a>\n\t\t\t<\/div>\n\t\t<\/div>\n\t<\/div>\n<\/div>\t\t\n\t\t<a itemprop=\"url\" class=\"edgtf-pli-link edgtf-block-drag-link\" href=\"http:\/\/infra-mince.com\/en\/portfolio-item\/catedral-santo-domingo\/\" target=\"_self\"><\/a>\n\t<\/div>\n<\/article><article class=\"edgtf-pl-item edgtf-item-space  post-4470 portfolio-item type-portfolio-item status-publish has-post-thumbnail hentry portfolio-category-parametrics-cad-cam portfolio-tag-cad-cam-patrimonio-exposiciones-control-luminico-interaccion-multimedia-gestion-on-line\">\n\t<div class=\"edgtf-pl-item-inner\">\n\t\t<div class=\"edgtf-pli-image\">\n\t<img loading=\"lazy\" decoding=\"async\" width=\"450\" height=\"450\" src=\"http:\/\/infra-mince.com\/wp-content\/uploads\/2018\/08\/1694_mosca.jpg\" class=\"attachment-full size-full wp-post-image\" alt=\"\" srcset=\"http:\/\/infra-mince.com\/wp-content\/uploads\/2018\/08\/1694_mosca.jpg 450w, http:\/\/infra-mince.com\/wp-content\/uploads\/2018\/08\/1694_mosca-150x150.jpg 150w, http:\/\/infra-mince.com\/wp-content\/uploads\/2018\/08\/1694_mosca-300x300.jpg 300w\" sizes=\"(max-width: 450px) 100vw, 450px\" \/><\/div>\n<div class=\"edgtf-pli-text-holder\">\n\t<div class=\"edgtf-pli-text-wrapper\">\n\t\t<div class=\"edgtf-pli-text\">\n\t\t\t\n\t\t\t\t<h4 itemprop=\"name\" class=\"edgtf-pli-title entry-title\" >\n\t\tCentro de Interpretaci\u00f3n del Camino de Santiago\t<\/h4>\n\n\t\t\t    <div class=\"edgtf-gli-number-of-images-holder\" >\n        <span>11 pics<\/span>\n    <\/div>\n\n\n\t\t\t\t<p itemprop=\"description\" class=\"edgtf-pli-excerpt\">Santo Domingo de la Calzada. La Rioja \u00bfQu\u00e9 sensaciones y sentimientos experimenta un peregrino? El reto es conseguir que los visitantes del Centro d<\/p>\n\t\t\t<div class=\"edgtf-pli-text-read-more-button\">\n\t\t\t\t<a itemprop=\"url\" href=\"http:\/\/infra-mince.com\/en\/portfolio-item\/camino_santiago\/\" target=\"_self\" class=\"edgtf-btn edgtf-btn-medium edgtf-btn-simple edgtf-pli-button\">\n\t\t\t\t\t<svg version=\"1.1\" id=\"btn-arrow-101673313\" xmlns=\"http:\/\/www.w3.org\/2000\/svg\" xmlns:xlink=\"http:\/\/www.w3.org\/1999\/xlink\" x=\"0px\" y=\"0px\"\n\t\t\t\t\t\t width=\"18px\" height=\"4px\" viewBox=\"0 0 18 4\" enable-background=\"new 0 0 18 4\" xml:space=\"preserve\">\n                <polyline fill=\"none\" stroke=\"#323232\" stroke-miterlimit=\"10\" points=\"0,3.508 16.809,3.508 13.686,0.342 \"\/>\n                <\/svg>\n\t\t\t\t<\/a>\n\t\t\t<\/div>\n\t\t<\/div>\n\t<\/div>\n<\/div>\t\t\n\t\t<a itemprop=\"url\" class=\"edgtf-pli-link edgtf-block-drag-link\" href=\"http:\/\/infra-mince.com\/en\/portfolio-item\/camino_santiago\/\" target=\"_self\"><\/a>\n\t<\/div>\n<\/article><article class=\"edgtf-pl-item edgtf-item-space  post-4708 portfolio-item type-portfolio-item status-publish has-post-thumbnail hentry portfolio-category-parametrics-cad-cam portfolio-tag-cad-cam-diseno-industrial-arquitectura-efimera-estands-interaccion-multimedia\">\n\t<div class=\"edgtf-pl-item-inner\">\n\t\t<div class=\"edgtf-pli-image\">\n\t<img loading=\"lazy\" decoding=\"async\" width=\"680\" height=\"680\" src=\"http:\/\/infra-mince.com\/wp-content\/uploads\/2018\/08\/2277_mosca.jpg\" class=\"attachment-full size-full wp-post-image\" alt=\"\" srcset=\"http:\/\/infra-mince.com\/wp-content\/uploads\/2018\/08\/2277_mosca.jpg 680w, http:\/\/infra-mince.com\/wp-content\/uploads\/2018\/08\/2277_mosca-150x150.jpg 150w, http:\/\/infra-mince.com\/wp-content\/uploads\/2018\/08\/2277_mosca-300x300.jpg 300w, http:\/\/infra-mince.com\/wp-content\/uploads\/2018\/08\/2277_mosca-550x550.jpg 550w\" sizes=\"(max-width: 680px) 100vw, 680px\" \/><\/div>\n<div class=\"edgtf-pli-text-holder\">\n\t<div class=\"edgtf-pli-text-wrapper\">\n\t\t<div class=\"edgtf-pli-text\">\n\t\t\t\n\t\t\t\t<h4 itemprop=\"name\" class=\"edgtf-pli-title entry-title\" >\n\t\tStand para Phibo\t<\/h4>\n\n\t\t\t    <div class=\"edgtf-gli-number-of-images-holder\" >\n        <span>8 pics<\/span>\n    <\/div>\n\n\n\t\t\t\t<p itemprop=\"description\" class=\"edgtf-pli-excerpt\">Feria Expodental. Madrid \u201cDesde el principio, nuestra prioridad ha sido la salud y el bienestar de las personas\u201d. Esta es una de las m\u00e1ximas de P<\/p>\n\t\t\t<div class=\"edgtf-pli-text-read-more-button\">\n\t\t\t\t<a itemprop=\"url\" href=\"http:\/\/infra-mince.com\/en\/portfolio-item\/stand_phibo\/\" target=\"_self\" class=\"edgtf-btn edgtf-btn-medium edgtf-btn-simple edgtf-pli-button\">\n\t\t\t\t\t<svg version=\"1.1\" id=\"btn-arrow-1008325045\" xmlns=\"http:\/\/www.w3.org\/2000\/svg\" xmlns:xlink=\"http:\/\/www.w3.org\/1999\/xlink\" x=\"0px\" y=\"0px\"\n\t\t\t\t\t\t width=\"18px\" height=\"4px\" viewBox=\"0 0 18 4\" enable-background=\"new 0 0 18 4\" xml:space=\"preserve\">\n                <polyline fill=\"none\" stroke=\"#323232\" stroke-miterlimit=\"10\" points=\"0,3.508 16.809,3.508 13.686,0.342 \"\/>\n                <\/svg>\n\t\t\t\t<\/a>\n\t\t\t<\/div>\n\t\t<\/div>\n\t<\/div>\n<\/div>\t\t\n\t\t<a itemprop=\"url\" class=\"edgtf-pli-link edgtf-block-drag-link\" href=\"http:\/\/infra-mince.com\/en\/portfolio-item\/stand_phibo\/\" target=\"_self\"><\/a>\n\t<\/div>\n<\/article><article class=\"edgtf-pl-item edgtf-item-space  post-6445 portfolio-item type-portfolio-item status-publish has-post-thumbnail hentry portfolio-category-parametrics-cad-cam portfolio-tag-diseno-generativo-modelado-parametrico-cad-cam-diseno-industrial-mobiliario-arquitectura-efimera\">\n\t<div class=\"edgtf-pl-item-inner\">\n\t\t<div class=\"edgtf-pli-image\">\n\t<img loading=\"lazy\" decoding=\"async\" width=\"2560\" height=\"1708\" src=\"http:\/\/infra-mince.com\/wp-content\/uploads\/2026\/04\/134A7156_mid-scaled.jpg\" class=\"attachment-full size-full wp-post-image\" alt=\"\" srcset=\"http:\/\/infra-mince.com\/wp-content\/uploads\/2026\/04\/134A7156_mid-scaled.jpg 2560w, http:\/\/infra-mince.com\/wp-content\/uploads\/2026\/04\/134A7156_mid-300x200.jpg 300w, http:\/\/infra-mince.com\/wp-content\/uploads\/2026\/04\/134A7156_mid-1024x683.jpg 1024w, http:\/\/infra-mince.com\/wp-content\/uploads\/2026\/04\/134A7156_mid-768x512.jpg 768w, http:\/\/infra-mince.com\/wp-content\/uploads\/2026\/04\/134A7156_mid-1536x1025.jpg 1536w\" sizes=\"(max-width: 2560px) 100vw, 2560px\" \/><\/div>\n<div class=\"edgtf-pli-text-holder\">\n\t<div class=\"edgtf-pli-text-wrapper\">\n\t\t<div class=\"edgtf-pli-text\">\n\t\t\t\n\t\t\t\t<h4 itemprop=\"name\" class=\"edgtf-pli-title entry-title\" >\n\t\tPabell\u00f3n Cupra Terramar\t<\/h4>\n\n\t\t\t\n\t\t\t\t<p itemprop=\"description\" class=\"edgtf-pli-excerpt\">Aeroport de Barcelona &nbsp; Dise\u00f1o generativo y modelado param\u00e9trico complejo aplicado a estructuras singulares. Traslaci\u00f3n del dise\u00f1o algor\u00edtmi<\/p>\n\t\t\t<div class=\"edgtf-pli-text-read-more-button\">\n\t\t\t\t<a itemprop=\"url\" href=\"http:\/\/infra-mince.com\/en\/portfolio-item\/pabellon-cupra-terramar\/\" target=\"_self\" class=\"edgtf-btn edgtf-btn-medium edgtf-btn-simple edgtf-pli-button\">\n\t\t\t\t\t<svg version=\"1.1\" id=\"btn-arrow-1162599815\" xmlns=\"http:\/\/www.w3.org\/2000\/svg\" xmlns:xlink=\"http:\/\/www.w3.org\/1999\/xlink\" x=\"0px\" y=\"0px\"\n\t\t\t\t\t\t width=\"18px\" height=\"4px\" viewBox=\"0 0 18 4\" enable-background=\"new 0 0 18 4\" xml:space=\"preserve\">\n                <polyline fill=\"none\" stroke=\"#323232\" stroke-miterlimit=\"10\" points=\"0,3.508 16.809,3.508 13.686,0.342 \"\/>\n                <\/svg>\n\t\t\t\t<\/a>\n\t\t\t<\/div>\n\t\t<\/div>\n\t<\/div>\n<\/div>\t\t\n\t\t<a itemprop=\"url\" class=\"edgtf-pli-link edgtf-block-drag-link\" href=\"http:\/\/infra-mince.com\/en\/portfolio-item\/pabellon-cupra-terramar\/\" target=\"_self\"><\/a>\n\t<\/div>\n<\/article><article class=\"edgtf-pl-item edgtf-item-space  post-6334 portfolio-item type-portfolio-item status-publish has-post-thumbnail hentry portfolio-category-parametrics-cad-cam portfolio-tag-propuesta-diseno-generativo-modelado-parametrico-cad-cam-diseno-industrial-mobiliario-arquitectura-efimera-exposiciones-interaccion-multimedia-robotica-gestion-on-line\">\n\t<div class=\"edgtf-pl-item-inner\">\n\t\t<div class=\"edgtf-pli-image\">\n\t<img loading=\"lazy\" decoding=\"async\" width=\"1500\" height=\"1125\" src=\"http:\/\/infra-mince.com\/wp-content\/uploads\/2024\/06\/MM-patio-Cenital_1.jpg\" class=\"attachment-full size-full wp-post-image\" alt=\"\" srcset=\"http:\/\/infra-mince.com\/wp-content\/uploads\/2024\/06\/MM-patio-Cenital_1.jpg 1500w, http:\/\/infra-mince.com\/wp-content\/uploads\/2024\/06\/MM-patio-Cenital_1-300x225.jpg 300w, http:\/\/infra-mince.com\/wp-content\/uploads\/2024\/06\/MM-patio-Cenital_1-1024x768.jpg 1024w, http:\/\/infra-mince.com\/wp-content\/uploads\/2024\/06\/MM-patio-Cenital_1-768x576.jpg 768w\" sizes=\"(max-width: 1500px) 100vw, 1500px\" \/><\/div>\n<div class=\"edgtf-pli-text-holder\">\n\t<div class=\"edgtf-pli-text-wrapper\">\n\t\t<div class=\"edgtf-pli-text\">\n\t\t\t\n\t\t\t\t<h4 itemprop=\"name\" class=\"edgtf-pli-title entry-title\" >\n\t\tInstalaci\u00f3n inmersiva en el patio del Palazzo Te\t<\/h4>\n\n\t\t\t\n\t\t\t\t<p itemprop=\"description\" class=\"edgtf-pli-excerpt\">Palazzo Te. Mantova, Italia. &nbsp; Para la exposici\u00f3n &#8220;Giulio Romano Experience&#8221;, a celebrar en el Palazzo Te de Mantova, se propuso una<\/p>\n\t\t\t<div class=\"edgtf-pli-text-read-more-button\">\n\t\t\t\t<a itemprop=\"url\" href=\"http:\/\/infra-mince.com\/en\/portfolio-item\/instalacion-inmersiva-en-el-patio-del-palazzo-te\/\" target=\"_self\" class=\"edgtf-btn edgtf-btn-medium edgtf-btn-simple edgtf-pli-button\">\n\t\t\t\t\t<svg version=\"1.1\" id=\"btn-arrow-1714828929\" xmlns=\"http:\/\/www.w3.org\/2000\/svg\" xmlns:xlink=\"http:\/\/www.w3.org\/1999\/xlink\" x=\"0px\" y=\"0px\"\n\t\t\t\t\t\t width=\"18px\" height=\"4px\" viewBox=\"0 0 18 4\" enable-background=\"new 0 0 18 4\" xml:space=\"preserve\">\n                <polyline fill=\"none\" stroke=\"#323232\" stroke-miterlimit=\"10\" points=\"0,3.508 16.809,3.508 13.686,0.342 \"\/>\n                <\/svg>\n\t\t\t\t<\/a>\n\t\t\t<\/div>\n\t\t<\/div>\n\t<\/div>\n<\/div>\t\t\n\t\t<a itemprop=\"url\" class=\"edgtf-pli-link edgtf-block-drag-link\" href=\"http:\/\/infra-mince.com\/en\/portfolio-item\/instalacion-inmersiva-en-el-patio-del-palazzo-te\/\" target=\"_self\"><\/a>\n\t<\/div>\n<\/article><article class=\"edgtf-pl-item edgtf-item-space  post-4620 portfolio-item type-portfolio-item status-publish has-post-thumbnail hentry portfolio-category-patrimonio portfolio-tag-patrimonio-escaneo-laser-robotica-gestion-on-line\">\n\t<div class=\"edgtf-pl-item-inner\">\n\t\t<div class=\"edgtf-pli-image\">\n\t<img loading=\"lazy\" decoding=\"async\" width=\"681\" height=\"681\" src=\"http:\/\/infra-mince.com\/wp-content\/uploads\/2018\/08\/2345_mosca.jpg\" class=\"attachment-full size-full wp-post-image\" alt=\"\" srcset=\"http:\/\/infra-mince.com\/wp-content\/uploads\/2018\/08\/2345_mosca.jpg 681w, http:\/\/infra-mince.com\/wp-content\/uploads\/2018\/08\/2345_mosca-150x150.jpg 150w, http:\/\/infra-mince.com\/wp-content\/uploads\/2018\/08\/2345_mosca-300x300.jpg 300w, http:\/\/infra-mince.com\/wp-content\/uploads\/2018\/08\/2345_mosca-550x550.jpg 550w\" sizes=\"(max-width: 681px) 100vw, 681px\" \/><\/div>\n<div class=\"edgtf-pli-text-holder\">\n\t<div class=\"edgtf-pli-text-wrapper\">\n\t\t<div class=\"edgtf-pli-text\">\n\t\t\t\n\t\t\t\t<h4 itemprop=\"name\" class=\"edgtf-pli-title entry-title\" >\n\t\tCloaca Massima: Restituci\u00f3n digital de Patrimonio\t<\/h4>\n\n\t\t\t    <div class=\"edgtf-gli-number-of-images-holder\" >\n        <span>12 pics<\/span>\n    <\/div>\n\n\n\t\t\t\t<p itemprop=\"description\" class=\"edgtf-pli-excerpt\">Foro Romano &#8211; Palatino. Roma A finales del siglo XIX, el arquitecto Giacomo Boni excav\u00f3 por primera vez en siglos el sistema de alcantarillado <\/p>\n\t\t\t<div class=\"edgtf-pli-text-read-more-button\">\n\t\t\t\t<a itemprop=\"url\" href=\"http:\/\/infra-mince.com\/en\/portfolio-item\/cloaca_massima\/\" target=\"_self\" class=\"edgtf-btn edgtf-btn-medium edgtf-btn-simple edgtf-pli-button\">\n\t\t\t\t\t<svg version=\"1.1\" id=\"btn-arrow-1723841701\" xmlns=\"http:\/\/www.w3.org\/2000\/svg\" xmlns:xlink=\"http:\/\/www.w3.org\/1999\/xlink\" x=\"0px\" y=\"0px\"\n\t\t\t\t\t\t width=\"18px\" height=\"4px\" viewBox=\"0 0 18 4\" enable-background=\"new 0 0 18 4\" xml:space=\"preserve\">\n                <polyline fill=\"none\" stroke=\"#323232\" stroke-miterlimit=\"10\" points=\"0,3.508 16.809,3.508 13.686,0.342 \"\/>\n                <\/svg>\n\t\t\t\t<\/a>\n\t\t\t<\/div>\n\t\t<\/div>\n\t<\/div>\n<\/div>\t\t\n\t\t<a itemprop=\"url\" class=\"edgtf-pli-link edgtf-block-drag-link\" href=\"http:\/\/infra-mince.com\/en\/portfolio-item\/cloaca_massima\/\" target=\"_self\"><\/a>\n\t<\/div>\n<\/article><article class=\"edgtf-pl-item edgtf-item-space  post-4494 portfolio-item type-portfolio-item status-publish has-post-thumbnail hentry portfolio-category-parametrics-cad-cam portfolio-tag-cad-cam-diseno-industrial-mobiliario-arquitectura-efimera-patrimonio-exposiciones-interaccion-multimedia-robotica-gestion-on-line\">\n\t<div class=\"edgtf-pl-item-inner\">\n\t\t<div class=\"edgtf-pli-image\">\n\t<img loading=\"lazy\" decoding=\"async\" width=\"771\" height=\"771\" src=\"http:\/\/infra-mince.com\/wp-content\/uploads\/2018\/08\/2014_mosca.jpg\" class=\"attachment-full size-full wp-post-image\" alt=\"\" srcset=\"http:\/\/infra-mince.com\/wp-content\/uploads\/2018\/08\/2014_mosca.jpg 771w, http:\/\/infra-mince.com\/wp-content\/uploads\/2018\/08\/2014_mosca-150x150.jpg 150w, http:\/\/infra-mince.com\/wp-content\/uploads\/2018\/08\/2014_mosca-300x300.jpg 300w, http:\/\/infra-mince.com\/wp-content\/uploads\/2018\/08\/2014_mosca-768x768.jpg 768w, http:\/\/infra-mince.com\/wp-content\/uploads\/2018\/08\/2014_mosca-550x550.jpg 550w\" sizes=\"(max-width: 771px) 100vw, 771px\" \/><\/div>\n<div class=\"edgtf-pli-text-holder\">\n\t<div class=\"edgtf-pli-text-wrapper\">\n\t\t<div class=\"edgtf-pli-text\">\n\t\t\t\n\t\t\t\t<h4 itemprop=\"name\" class=\"edgtf-pli-title entry-title\" >\n\t\tExposici\u00f3n temporal \u201cLa Rioja Tierra Abierta: Pecado, Penitencia, Perd\u00f3n\u201d\t<\/h4>\n\n\t\t\t    <div class=\"edgtf-gli-number-of-images-holder\" >\n        <span>33 pics<\/span>\n    <\/div>\n\n\n\t\t\t\t<p itemprop=\"description\" class=\"edgtf-pli-excerpt\">Santo Domingo de la Calzada. La Rioja La muestra tuvo como escenario la Catedral de Salvador, el claustro y su Museo catedral\u00edcio. La exposici\u00f3n, qu<\/p>\n\t\t\t<div class=\"edgtf-pli-text-read-more-button\">\n\t\t\t\t<a itemprop=\"url\" href=\"http:\/\/infra-mince.com\/en\/portfolio-item\/pecado_penitencia_perdon\/\" target=\"_self\" class=\"edgtf-btn edgtf-btn-medium edgtf-btn-simple edgtf-pli-button\">\n\t\t\t\t\t<svg version=\"1.1\" id=\"btn-arrow-1299930733\" xmlns=\"http:\/\/www.w3.org\/2000\/svg\" xmlns:xlink=\"http:\/\/www.w3.org\/1999\/xlink\" x=\"0px\" y=\"0px\"\n\t\t\t\t\t\t width=\"18px\" height=\"4px\" viewBox=\"0 0 18 4\" enable-background=\"new 0 0 18 4\" xml:space=\"preserve\">\n                <polyline fill=\"none\" stroke=\"#323232\" stroke-miterlimit=\"10\" points=\"0,3.508 16.809,3.508 13.686,0.342 \"\/>\n                <\/svg>\n\t\t\t\t<\/a>\n\t\t\t<\/div>\n\t\t<\/div>\n\t<\/div>\n<\/div>\t\t\n\t\t<a itemprop=\"url\" class=\"edgtf-pli-link edgtf-block-drag-link\" href=\"http:\/\/infra-mince.com\/en\/portfolio-item\/pecado_penitencia_perdon\/\" target=\"_self\"><\/a>\n\t<\/div>\n<\/article><article class=\"edgtf-pl-item edgtf-item-space  post-4485 portfolio-item type-portfolio-item status-publish has-post-thumbnail hentry portfolio-category-parametrics-cad-cam portfolio-tag-exposiciones-2\">\n\t<div class=\"edgtf-pl-item-inner\">\n\t\t<div class=\"edgtf-pli-image\">\n\t<img loading=\"lazy\" decoding=\"async\" width=\"475\" height=\"475\" src=\"http:\/\/infra-mince.com\/wp-content\/uploads\/2018\/08\/1845_mosca.jpg\" class=\"attachment-full size-full wp-post-image\" alt=\"\" srcset=\"http:\/\/infra-mince.com\/wp-content\/uploads\/2018\/08\/1845_mosca.jpg 475w, http:\/\/infra-mince.com\/wp-content\/uploads\/2018\/08\/1845_mosca-150x150.jpg 150w, http:\/\/infra-mince.com\/wp-content\/uploads\/2018\/08\/1845_mosca-300x300.jpg 300w\" sizes=\"(max-width: 475px) 100vw, 475px\" \/><\/div>\n<div class=\"edgtf-pli-text-holder\">\n\t<div class=\"edgtf-pli-text-wrapper\">\n\t\t<div class=\"edgtf-pli-text\">\n\t\t\t\n\t\t\t\t<h4 itemprop=\"name\" class=\"edgtf-pli-title entry-title\" >\n\t\tExposici\u00f3n permanente en el Circuit de Catalunya\t<\/h4>\n\n\t\t\t    <div class=\"edgtf-gli-number-of-images-holder\" >\n        <span>8 pics<\/span>\n    <\/div>\n\n\n\t\t\t\t<p itemprop=\"description\" class=\"edgtf-pli-excerpt\">Montmel\u00f3, Barcelona Dise\u00f1o y montaje permanente que recoge la historia del Circuito de Catalu\u00f1a, su evoluci\u00f3n formal a lo largo de las diversas am<\/p>\n\t\t\t<div class=\"edgtf-pli-text-read-more-button\">\n\t\t\t\t<a itemprop=\"url\" href=\"http:\/\/infra-mince.com\/en\/portfolio-item\/circuit_cat\/\" target=\"_self\" class=\"edgtf-btn edgtf-btn-medium edgtf-btn-simple edgtf-pli-button\">\n\t\t\t\t\t<svg version=\"1.1\" id=\"btn-arrow-2113787284\" xmlns=\"http:\/\/www.w3.org\/2000\/svg\" xmlns:xlink=\"http:\/\/www.w3.org\/1999\/xlink\" x=\"0px\" y=\"0px\"\n\t\t\t\t\t\t width=\"18px\" height=\"4px\" viewBox=\"0 0 18 4\" enable-background=\"new 0 0 18 4\" xml:space=\"preserve\">\n                <polyline fill=\"none\" stroke=\"#323232\" stroke-miterlimit=\"10\" points=\"0,3.508 16.809,3.508 13.686,0.342 \"\/>\n                <\/svg>\n\t\t\t\t<\/a>\n\t\t\t<\/div>\n\t\t<\/div>\n\t<\/div>\n<\/div>\t\t\n\t\t<a itemprop=\"url\" class=\"edgtf-pli-link edgtf-block-drag-link\" href=\"http:\/\/infra-mince.com\/en\/portfolio-item\/circuit_cat\/\" target=\"_self\"><\/a>\n\t<\/div>\n<\/article><article class=\"edgtf-pl-item edgtf-item-space  post-6230 portfolio-item type-portfolio-item status-publish has-post-thumbnail hentry portfolio-category-parametrics-cad-cam portfolio-tag-propuesta-diseno-generativo-modelado-parametrico-cad-cam-diseno-industrial-arquitectura-efimera-estands-interaccion-multimedia\">\n\t<div class=\"edgtf-pl-item-inner\">\n\t\t<div class=\"edgtf-pli-image\">\n\t<img loading=\"lazy\" decoding=\"async\" width=\"1385\" height=\"1012\" src=\"http:\/\/infra-mince.com\/wp-content\/uploads\/2020\/05\/hostelco_Interior_th.jpg\" class=\"attachment-full size-full wp-post-image\" alt=\"\" srcset=\"http:\/\/infra-mince.com\/wp-content\/uploads\/2020\/05\/hostelco_Interior_th.jpg 1385w, http:\/\/infra-mince.com\/wp-content\/uploads\/2020\/05\/hostelco_Interior_th-300x219.jpg 300w, http:\/\/infra-mince.com\/wp-content\/uploads\/2020\/05\/hostelco_Interior_th-1024x748.jpg 1024w, http:\/\/infra-mince.com\/wp-content\/uploads\/2020\/05\/hostelco_Interior_th-768x561.jpg 768w\" sizes=\"(max-width: 1385px) 100vw, 1385px\" \/><\/div>\n<div class=\"edgtf-pli-text-holder\">\n\t<div class=\"edgtf-pli-text-wrapper\">\n\t\t<div class=\"edgtf-pli-text\">\n\t\t\t\n\t\t\t\t<h4 itemprop=\"name\" class=\"edgtf-pli-title entry-title\" >\n\t\tEstand para una firma de tejidos\t<\/h4>\n\n\t\t\t\n\t\t\t\t<p itemprop=\"description\" class=\"edgtf-pli-excerpt\">Feria Hostelco 2020. Barcelona &nbsp; Se propuso una soluci\u00f3n basada totalmente en la experiencia sensitiva del visitante, fundamentada en el neuroma<\/p>\n\t\t\t<div class=\"edgtf-pli-text-read-more-button\">\n\t\t\t\t<a itemprop=\"url\" href=\"http:\/\/infra-mince.com\/en\/portfolio-item\/estand-para-una-firma-de-tejidos\/\" target=\"_self\" class=\"edgtf-btn edgtf-btn-medium edgtf-btn-simple edgtf-pli-button\">\n\t\t\t\t\t<svg version=\"1.1\" id=\"btn-arrow-949743213\" xmlns=\"http:\/\/www.w3.org\/2000\/svg\" xmlns:xlink=\"http:\/\/www.w3.org\/1999\/xlink\" x=\"0px\" y=\"0px\"\n\t\t\t\t\t\t width=\"18px\" height=\"4px\" viewBox=\"0 0 18 4\" enable-background=\"new 0 0 18 4\" xml:space=\"preserve\">\n                <polyline fill=\"none\" stroke=\"#323232\" stroke-miterlimit=\"10\" points=\"0,3.508 16.809,3.508 13.686,0.342 \"\/>\n                <\/svg>\n\t\t\t\t<\/a>\n\t\t\t<\/div>\n\t\t<\/div>\n\t<\/div>\n<\/div>\t\t\n\t\t<a itemprop=\"url\" class=\"edgtf-pli-link edgtf-block-drag-link\" href=\"http:\/\/infra-mince.com\/en\/portfolio-item\/estand-para-una-firma-de-tejidos\/\" target=\"_self\"><\/a>\n\t<\/div>\n<\/article><article class=\"edgtf-pl-item edgtf-item-space  post-4603 portfolio-item type-portfolio-item status-publish has-post-thumbnail hentry portfolio-category-patrimonio portfolio-tag-patrimonio-interaccion-gestion-on-line\">\n\t<div class=\"edgtf-pl-item-inner\">\n\t\t<div class=\"edgtf-pli-image\">\n\t<img loading=\"lazy\" decoding=\"async\" width=\"534\" height=\"534\" src=\"http:\/\/infra-mince.com\/wp-content\/uploads\/2018\/08\/2175_mosca.jpg\" class=\"attachment-full size-full wp-post-image\" alt=\"\" srcset=\"http:\/\/infra-mince.com\/wp-content\/uploads\/2018\/08\/2175_mosca.jpg 534w, http:\/\/infra-mince.com\/wp-content\/uploads\/2018\/08\/2175_mosca-150x150.jpg 150w, http:\/\/infra-mince.com\/wp-content\/uploads\/2018\/08\/2175_mosca-300x300.jpg 300w\" sizes=\"(max-width: 534px) 100vw, 534px\" \/><\/div>\n<div class=\"edgtf-pli-text-holder\">\n\t<div class=\"edgtf-pli-text-wrapper\">\n\t\t<div class=\"edgtf-pli-text\">\n\t\t\t\n\t\t\t\t<h4 itemprop=\"name\" class=\"edgtf-pli-title entry-title\" >\n\t\tArcheoforum.com \u2013 Aplicaci\u00f3n multimedia Carcer-Tullianum (Mamertino)\t<\/h4>\n\n\t\t\t    <div class=\"edgtf-gli-number-of-images-holder\" >\n        <span>15 pics<\/span>\n    <\/div>\n\n\n\t\t\t\t<p itemprop=\"description\" class=\"edgtf-pli-excerpt\">Foro Romano. Roma Sistema de exploraci\u00f3n 3D del Carcer-Tullianum, tambi\u00e9n conocido como C\u00e1rcel Mamertino. Permite una navegaci\u00f3n que combina panor<\/p>\n\t\t\t<div class=\"edgtf-pli-text-read-more-button\">\n\t\t\t\t<a itemprop=\"url\" href=\"http:\/\/infra-mince.com\/en\/portfolio-item\/archeoforum\/\" target=\"_self\" class=\"edgtf-btn edgtf-btn-medium edgtf-btn-simple edgtf-pli-button\">\n\t\t\t\t\t<svg version=\"1.1\" id=\"btn-arrow-1092193456\" xmlns=\"http:\/\/www.w3.org\/2000\/svg\" xmlns:xlink=\"http:\/\/www.w3.org\/1999\/xlink\" x=\"0px\" y=\"0px\"\n\t\t\t\t\t\t width=\"18px\" height=\"4px\" viewBox=\"0 0 18 4\" enable-background=\"new 0 0 18 4\" xml:space=\"preserve\">\n                <polyline fill=\"none\" stroke=\"#323232\" stroke-miterlimit=\"10\" points=\"0,3.508 16.809,3.508 13.686,0.342 \"\/>\n                <\/svg>\n\t\t\t\t<\/a>\n\t\t\t<\/div>\n\t\t<\/div>\n\t<\/div>\n<\/div>\t\t\n\t\t<a itemprop=\"url\" class=\"edgtf-pli-link edgtf-block-drag-link\" href=\"http:\/\/infra-mince.com\/en\/portfolio-item\/archeoforum\/\" target=\"_self\"><\/a>\n\t<\/div>\n<\/article><article class=\"edgtf-pl-item edgtf-item-space  post-4305 portfolio-item type-portfolio-item status-publish has-post-thumbnail hentry portfolio-category-bim-as-built portfolio-tag-diseno-industrial-arquitectura\">\n\t<div class=\"edgtf-pl-item-inner\">\n\t\t<div class=\"edgtf-pli-image\">\n\t<img loading=\"lazy\" decoding=\"async\" width=\"1024\" height=\"1361\" src=\"http:\/\/infra-mince.com\/wp-content\/uploads\/2018\/06\/5859789544_53d7326ccc_o-1.jpg\" class=\"attachment-full size-full wp-post-image\" alt=\"\" srcset=\"http:\/\/infra-mince.com\/wp-content\/uploads\/2018\/06\/5859789544_53d7326ccc_o-1.jpg 1024w, http:\/\/infra-mince.com\/wp-content\/uploads\/2018\/06\/5859789544_53d7326ccc_o-1-226x300.jpg 226w, http:\/\/infra-mince.com\/wp-content\/uploads\/2018\/06\/5859789544_53d7326ccc_o-1-768x1021.jpg 768w, http:\/\/infra-mince.com\/wp-content\/uploads\/2018\/06\/5859789544_53d7326ccc_o-1-770x1024.jpg 770w\" sizes=\"(max-width: 1024px) 100vw, 1024px\" \/><\/div>\n<div class=\"edgtf-pli-text-holder\">\n\t<div class=\"edgtf-pli-text-wrapper\">\n\t\t<div class=\"edgtf-pli-text\">\n\t\t\t\n\t\t\t\t<h4 itemprop=\"name\" class=\"edgtf-pli-title entry-title\" >\n\t\tCentro Comercial Boya\t<\/h4>\n\n\t\t\t    <div class=\"edgtf-gli-number-of-images-holder\" >\n        <span>21 pics<\/span>\n    <\/div>\n\n\n\t\t\t\t<p itemprop=\"description\" class=\"edgtf-pli-excerpt\">Les, La Vall d&#8217;Aran. Lleida Primer premio en concurso restringido para la realizaci\u00f3n del proyecto y obra de un complejo comercial de 5000m2, s<\/p>\n\t\t\t<div class=\"edgtf-pli-text-read-more-button\">\n\t\t\t\t<a itemprop=\"url\" href=\"http:\/\/infra-mince.com\/en\/portfolio-item\/boya\/\" target=\"_self\" class=\"edgtf-btn edgtf-btn-medium edgtf-btn-simple edgtf-pli-button\">\n\t\t\t\t\t<svg version=\"1.1\" id=\"btn-arrow-1144279820\" xmlns=\"http:\/\/www.w3.org\/2000\/svg\" xmlns:xlink=\"http:\/\/www.w3.org\/1999\/xlink\" x=\"0px\" y=\"0px\"\n\t\t\t\t\t\t width=\"18px\" height=\"4px\" viewBox=\"0 0 18 4\" enable-background=\"new 0 0 18 4\" xml:space=\"preserve\">\n                <polyline fill=\"none\" stroke=\"#323232\" stroke-miterlimit=\"10\" points=\"0,3.508 16.809,3.508 13.686,0.342 \"\/>\n                <\/svg>\n\t\t\t\t<\/a>\n\t\t\t<\/div>\n\t\t<\/div>\n\t<\/div>\n<\/div>\t\t\n\t\t<a itemprop=\"url\" class=\"edgtf-pli-link edgtf-block-drag-link\" href=\"http:\/\/infra-mince.com\/en\/portfolio-item\/boya\/\" target=\"_self\"><\/a>\n\t<\/div>\n<\/article><article class=\"edgtf-pl-item edgtf-item-space  post-4635 portfolio-item type-portfolio-item status-publish has-post-thumbnail hentry portfolio-category-bim-as-built portfolio-category-patrimonio portfolio-tag-cad-cam-diseno-industrial-mobiliario-patrimonio-control-luminico-gestion-on-line\">\n\t<div class=\"edgtf-pl-item-inner\">\n\t\t<div class=\"edgtf-pli-image\">\n\t<img loading=\"lazy\" decoding=\"async\" width=\"627\" height=\"627\" src=\"http:\/\/infra-mince.com\/wp-content\/uploads\/2018\/08\/sist_ctrl_mosca.jpg\" class=\"attachment-full size-full wp-post-image\" alt=\"\" srcset=\"http:\/\/infra-mince.com\/wp-content\/uploads\/2018\/08\/sist_ctrl_mosca.jpg 627w, http:\/\/infra-mince.com\/wp-content\/uploads\/2018\/08\/sist_ctrl_mosca-150x150.jpg 150w, http:\/\/infra-mince.com\/wp-content\/uploads\/2018\/08\/sist_ctrl_mosca-300x300.jpg 300w, http:\/\/infra-mince.com\/wp-content\/uploads\/2018\/08\/sist_ctrl_mosca-550x550.jpg 550w\" sizes=\"(max-width: 627px) 100vw, 627px\" \/><\/div>\n<div class=\"edgtf-pli-text-holder\">\n\t<div class=\"edgtf-pli-text-wrapper\">\n\t\t<div class=\"edgtf-pli-text\">\n\t\t\t\n\t\t\t\t<h4 itemprop=\"name\" class=\"edgtf-pli-title entry-title\" >\n\t\tSistema de control lum\u00ednico centralizado en una catedral\t<\/h4>\n\n\t\t\t    <div class=\"edgtf-gli-number-of-images-holder\" >\n        <span>8 pics<\/span>\n    <\/div>\n\n\n\t\t\t\t<p itemprop=\"description\" class=\"edgtf-pli-excerpt\">Catedral de Santo Domingo de la Calzada. La Rioja Para la iluminaci\u00f3n de la Catedral se dise\u00f1an y predefinen combinaciones de luces para cada uno de<\/p>\n\t\t\t<div class=\"edgtf-pli-text-read-more-button\">\n\t\t\t\t<a itemprop=\"url\" href=\"http:\/\/infra-mince.com\/en\/portfolio-item\/control_luminico\/\" target=\"_self\" class=\"edgtf-btn edgtf-btn-medium edgtf-btn-simple edgtf-pli-button\">\n\t\t\t\t\t<svg version=\"1.1\" id=\"btn-arrow-272510326\" xmlns=\"http:\/\/www.w3.org\/2000\/svg\" xmlns:xlink=\"http:\/\/www.w3.org\/1999\/xlink\" x=\"0px\" y=\"0px\"\n\t\t\t\t\t\t width=\"18px\" height=\"4px\" viewBox=\"0 0 18 4\" enable-background=\"new 0 0 18 4\" xml:space=\"preserve\">\n                <polyline fill=\"none\" stroke=\"#323232\" stroke-miterlimit=\"10\" points=\"0,3.508 16.809,3.508 13.686,0.342 \"\/>\n                <\/svg>\n\t\t\t\t<\/a>\n\t\t\t<\/div>\n\t\t<\/div>\n\t<\/div>\n<\/div>\t\t\n\t\t<a itemprop=\"url\" class=\"edgtf-pli-link edgtf-block-drag-link\" href=\"http:\/\/infra-mince.com\/en\/portfolio-item\/control_luminico\/\" target=\"_self\"><\/a>\n\t<\/div>\n<\/article><article class=\"edgtf-pl-item edgtf-item-space  post-4696 portfolio-item type-portfolio-item status-publish has-post-thumbnail hentry portfolio-category-parametrics-cad-cam portfolio-tag-cad-cam-arquitectura-efimera-exposiciones-multimedia\">\n\t<div class=\"edgtf-pl-item-inner\">\n\t\t<div class=\"edgtf-pli-image\">\n\t<img loading=\"lazy\" decoding=\"async\" width=\"680\" height=\"680\" src=\"http:\/\/infra-mince.com\/wp-content\/uploads\/2018\/08\/2557_mosca.jpg\" class=\"attachment-full size-full wp-post-image\" alt=\"\" srcset=\"http:\/\/infra-mince.com\/wp-content\/uploads\/2018\/08\/2557_mosca.jpg 680w, http:\/\/infra-mince.com\/wp-content\/uploads\/2018\/08\/2557_mosca-150x150.jpg 150w, http:\/\/infra-mince.com\/wp-content\/uploads\/2018\/08\/2557_mosca-300x300.jpg 300w, http:\/\/infra-mince.com\/wp-content\/uploads\/2018\/08\/2557_mosca-550x550.jpg 550w\" sizes=\"(max-width: 680px) 100vw, 680px\" \/><\/div>\n<div class=\"edgtf-pli-text-holder\">\n\t<div class=\"edgtf-pli-text-wrapper\">\n\t\t<div class=\"edgtf-pli-text\">\n\t\t\t\n\t\t\t\t<h4 itemprop=\"name\" class=\"edgtf-pli-title entry-title\" >\n\t\tExposici\u00f3n &#8220;+HUMANOS: El futuro de nuestra especie&#8221;\t<\/h4>\n\n\t\t\t    <div class=\"edgtf-gli-number-of-images-holder\" >\n        <span>9 pics<\/span>\n    <\/div>\n\n\n\t\t\t\t<p itemprop=\"description\" class=\"edgtf-pli-excerpt\">CCCB. Barcelona La exposici\u00f3n explora los posibles caminos de futuro de nuestra especie teniendo en cuenta especialmente las tecnolog\u00edas emergentes <\/p>\n\t\t\t<div class=\"edgtf-pli-text-read-more-button\">\n\t\t\t\t<a itemprop=\"url\" href=\"http:\/\/infra-mince.com\/en\/portfolio-item\/plus_humans\/\" target=\"_self\" class=\"edgtf-btn edgtf-btn-medium edgtf-btn-simple edgtf-pli-button\">\n\t\t\t\t\t<svg version=\"1.1\" id=\"btn-arrow-1940077206\" xmlns=\"http:\/\/www.w3.org\/2000\/svg\" xmlns:xlink=\"http:\/\/www.w3.org\/1999\/xlink\" x=\"0px\" y=\"0px\"\n\t\t\t\t\t\t width=\"18px\" height=\"4px\" viewBox=\"0 0 18 4\" enable-background=\"new 0 0 18 4\" xml:space=\"preserve\">\n                <polyline fill=\"none\" stroke=\"#323232\" stroke-miterlimit=\"10\" points=\"0,3.508 16.809,3.508 13.686,0.342 \"\/>\n                <\/svg>\n\t\t\t\t<\/a>\n\t\t\t<\/div>\n\t\t<\/div>\n\t<\/div>\n<\/div>\t\t\n\t\t<a itemprop=\"url\" class=\"edgtf-pli-link edgtf-block-drag-link\" href=\"http:\/\/infra-mince.com\/en\/portfolio-item\/plus_humans\/\" target=\"_self\"><\/a>\n\t<\/div>\n<\/article><article class=\"edgtf-pl-item edgtf-item-space  post-4455 portfolio-item type-portfolio-item status-publish has-post-thumbnail hentry portfolio-category-bim-as-built portfolio-tag-arquitectura\">\n\t<div class=\"edgtf-pl-item-inner\">\n\t\t<div class=\"edgtf-pli-image\">\n\t<img loading=\"lazy\" decoding=\"async\" width=\"600\" height=\"600\" src=\"http:\/\/infra-mince.com\/wp-content\/uploads\/2018\/06\/1903_07_mini.png\" class=\"attachment-full size-full wp-post-image\" alt=\"\" srcset=\"http:\/\/infra-mince.com\/wp-content\/uploads\/2018\/06\/1903_07_mini.png 600w, http:\/\/infra-mince.com\/wp-content\/uploads\/2018\/06\/1903_07_mini-150x150.png 150w, http:\/\/infra-mince.com\/wp-content\/uploads\/2018\/06\/1903_07_mini-300x300.png 300w, http:\/\/infra-mince.com\/wp-content\/uploads\/2018\/06\/1903_07_mini-550x550.png 550w\" sizes=\"(max-width: 600px) 100vw, 600px\" \/><\/div>\n<div class=\"edgtf-pli-text-holder\">\n\t<div class=\"edgtf-pli-text-wrapper\">\n\t\t<div class=\"edgtf-pli-text\">\n\t\t\t\n\t\t\t\t<h4 itemprop=\"name\" class=\"edgtf-pli-title entry-title\" >\n\t\tViviendas en Guadalajara\t<\/h4>\n\n\t\t\t    <div class=\"edgtf-gli-number-of-images-holder\" >\n        <span>8 pics<\/span>\n    <\/div>\n\n\n\t\t\t\t<p itemprop=\"description\" class=\"edgtf-pli-excerpt\">Concurso de vivienda VIVA. Primer premio 177 viviendas respetuosas con el medioambiente y que se integran perfectamente con el entorno. Estas son las <\/p>\n\t\t\t<div class=\"edgtf-pli-text-read-more-button\">\n\t\t\t\t<a itemprop=\"url\" href=\"http:\/\/infra-mince.com\/en\/portfolio-item\/guadalajara\/\" target=\"_self\" class=\"edgtf-btn edgtf-btn-medium edgtf-btn-simple edgtf-pli-button\">\n\t\t\t\t\t<svg version=\"1.1\" id=\"btn-arrow-294003606\" xmlns=\"http:\/\/www.w3.org\/2000\/svg\" xmlns:xlink=\"http:\/\/www.w3.org\/1999\/xlink\" x=\"0px\" y=\"0px\"\n\t\t\t\t\t\t width=\"18px\" height=\"4px\" viewBox=\"0 0 18 4\" enable-background=\"new 0 0 18 4\" xml:space=\"preserve\">\n                <polyline fill=\"none\" stroke=\"#323232\" stroke-miterlimit=\"10\" points=\"0,3.508 16.809,3.508 13.686,0.342 \"\/>\n                <\/svg>\n\t\t\t\t<\/a>\n\t\t\t<\/div>\n\t\t<\/div>\n\t<\/div>\n<\/div>\t\t\n\t\t<a itemprop=\"url\" class=\"edgtf-pli-link edgtf-block-drag-link\" href=\"http:\/\/infra-mince.com\/en\/portfolio-item\/guadalajara\/\" target=\"_self\"><\/a>\n\t<\/div>\n<\/article><article class=\"edgtf-pl-item edgtf-item-space  post-6439 portfolio-item type-portfolio-item status-publish has-post-thumbnail hentry portfolio-category-parametrics-cad-cam portfolio-tag-diseno-generativo-modelado-parametrico-cad-cam-diseno-industrial-mobiliario-arquitectura-efimera\">\n\t<div class=\"edgtf-pl-item-inner\">\n\t\t<div class=\"edgtf-pli-image\">\n\t<img loading=\"lazy\" decoding=\"async\" width=\"2560\" height=\"1514\" src=\"http:\/\/infra-mince.com\/wp-content\/uploads\/2026\/04\/PWall_07-scaled.jpg\" class=\"attachment-full size-full wp-post-image\" alt=\"\" srcset=\"http:\/\/infra-mince.com\/wp-content\/uploads\/2026\/04\/PWall_07-scaled.jpg 2560w, http:\/\/infra-mince.com\/wp-content\/uploads\/2026\/04\/PWall_07-300x177.jpg 300w, http:\/\/infra-mince.com\/wp-content\/uploads\/2026\/04\/PWall_07-1024x606.jpg 1024w, http:\/\/infra-mince.com\/wp-content\/uploads\/2026\/04\/PWall_07-768x454.jpg 768w, http:\/\/infra-mince.com\/wp-content\/uploads\/2026\/04\/PWall_07-1536x909.jpg 1536w\" sizes=\"(max-width: 2560px) 100vw, 2560px\" \/><\/div>\n<div class=\"edgtf-pli-text-holder\">\n\t<div class=\"edgtf-pli-text-wrapper\">\n\t\t<div class=\"edgtf-pli-text\">\n\t\t\t\n\t\t\t\t<h4 itemprop=\"name\" class=\"edgtf-pli-title entry-title\" >\n\t\tParametric Wall\t<\/h4>\n\n\t\t\t\n\t\t\t\t<p itemprop=\"description\" class=\"edgtf-pli-excerpt\">IAA Cupra Munchen &nbsp; Producci\u00f3n de un elemento decorativo ef\u00edmero para el Stand de Cupra, formado por m\u00faltiples elementos \u00fanicos creados media<\/p>\n\t\t\t<div class=\"edgtf-pli-text-read-more-button\">\n\t\t\t\t<a itemprop=\"url\" href=\"http:\/\/infra-mince.com\/en\/portfolio-item\/parametric-wall\/\" target=\"_self\" class=\"edgtf-btn edgtf-btn-medium edgtf-btn-simple edgtf-pli-button\">\n\t\t\t\t\t<svg version=\"1.1\" id=\"btn-arrow-761447820\" xmlns=\"http:\/\/www.w3.org\/2000\/svg\" xmlns:xlink=\"http:\/\/www.w3.org\/1999\/xlink\" x=\"0px\" y=\"0px\"\n\t\t\t\t\t\t width=\"18px\" height=\"4px\" viewBox=\"0 0 18 4\" enable-background=\"new 0 0 18 4\" xml:space=\"preserve\">\n                <polyline fill=\"none\" stroke=\"#323232\" stroke-miterlimit=\"10\" points=\"0,3.508 16.809,3.508 13.686,0.342 \"\/>\n                <\/svg>\n\t\t\t\t<\/a>\n\t\t\t<\/div>\n\t\t<\/div>\n\t<\/div>\n<\/div>\t\t\n\t\t<a itemprop=\"url\" class=\"edgtf-pli-link edgtf-block-drag-link\" href=\"http:\/\/infra-mince.com\/en\/portfolio-item\/parametric-wall\/\" target=\"_self\"><\/a>\n\t<\/div>\n<\/article><article class=\"edgtf-pl-item edgtf-item-space  post-6250 portfolio-item type-portfolio-item status-publish has-post-thumbnail hentry portfolio-category-parametrics-cad-cam portfolio-category-patrimonio portfolio-tag-propuesta-diseno-generativo-modelado-parametrico-cad-cam-diseno-industrial-mobiliario-arquitectura-efimera-exposiciones-interaccion-multimedia-robotica-gestion-on-line\">\n\t<div class=\"edgtf-pl-item-inner\">\n\t\t<div class=\"edgtf-pli-image\">\n\t<img loading=\"lazy\" decoding=\"async\" width=\"1000\" height=\"1000\" src=\"http:\/\/infra-mince.com\/wp-content\/uploads\/2020\/05\/GR1-th.jpg\" class=\"attachment-full size-full wp-post-image\" alt=\"\" srcset=\"http:\/\/infra-mince.com\/wp-content\/uploads\/2020\/05\/GR1-th.jpg 1000w, http:\/\/infra-mince.com\/wp-content\/uploads\/2020\/05\/GR1-th-300x300.jpg 300w, http:\/\/infra-mince.com\/wp-content\/uploads\/2020\/05\/GR1-th-150x150.jpg 150w, http:\/\/infra-mince.com\/wp-content\/uploads\/2020\/05\/GR1-th-768x768.jpg 768w, http:\/\/infra-mince.com\/wp-content\/uploads\/2020\/05\/GR1-th-550x550.jpg 550w\" sizes=\"(max-width: 1000px) 100vw, 1000px\" \/><\/div>\n<div class=\"edgtf-pli-text-holder\">\n\t<div class=\"edgtf-pli-text-wrapper\">\n\t\t<div class=\"edgtf-pli-text\">\n\t\t\t\n\t\t\t\t<h4 itemprop=\"name\" class=\"edgtf-pli-title entry-title\" >\n\t\tRecorrido expositivo en el Palazzo Te\t<\/h4>\n\n\t\t\t\n\t\t\t\t<p itemprop=\"description\" class=\"edgtf-pli-excerpt\">Palazzo Te. Mantova, Italia. &nbsp; Para la exposici\u00f3n &#8220;Giulio Romano Experience&#8221;, a celebrar en el Palazzo Te de Mantova, se propuso una<\/p>\n\t\t\t<div class=\"edgtf-pli-text-read-more-button\">\n\t\t\t\t<a itemprop=\"url\" href=\"http:\/\/infra-mince.com\/en\/portfolio-item\/recorrido-expositivo-palazzo-te\/\" target=\"_self\" class=\"edgtf-btn edgtf-btn-medium edgtf-btn-simple edgtf-pli-button\">\n\t\t\t\t\t<svg version=\"1.1\" id=\"btn-arrow-327964160\" xmlns=\"http:\/\/www.w3.org\/2000\/svg\" xmlns:xlink=\"http:\/\/www.w3.org\/1999\/xlink\" x=\"0px\" y=\"0px\"\n\t\t\t\t\t\t width=\"18px\" height=\"4px\" viewBox=\"0 0 18 4\" enable-background=\"new 0 0 18 4\" xml:space=\"preserve\">\n                <polyline fill=\"none\" stroke=\"#323232\" stroke-miterlimit=\"10\" points=\"0,3.508 16.809,3.508 13.686,0.342 \"\/>\n                <\/svg>\n\t\t\t\t<\/a>\n\t\t\t<\/div>\n\t\t<\/div>\n\t<\/div>\n<\/div>\t\t\n\t\t<a itemprop=\"url\" class=\"edgtf-pli-link edgtf-block-drag-link\" href=\"http:\/\/infra-mince.com\/en\/portfolio-item\/recorrido-expositivo-palazzo-te\/\" target=\"_self\"><\/a>\n\t<\/div>\n<\/article><article class=\"edgtf-pl-item edgtf-item-space  post-4554 portfolio-item type-portfolio-item status-publish has-post-thumbnail hentry portfolio-category-parametrics-cad-cam portfolio-tag-mobiliario-exposiciones-interaccion-multimedia-robotica-gestion-on-line\">\n\t<div class=\"edgtf-pl-item-inner\">\n\t\t<div class=\"edgtf-pli-image\">\n\t<img loading=\"lazy\" decoding=\"async\" width=\"1024\" height=\"449\" src=\"http:\/\/infra-mince.com\/wp-content\/uploads\/2018\/08\/14615019850_f719d0b816_b.jpg\" class=\"attachment-full size-full wp-post-image\" alt=\"\" srcset=\"http:\/\/infra-mince.com\/wp-content\/uploads\/2018\/08\/14615019850_f719d0b816_b.jpg 1024w, http:\/\/infra-mince.com\/wp-content\/uploads\/2018\/08\/14615019850_f719d0b816_b-300x132.jpg 300w, http:\/\/infra-mince.com\/wp-content\/uploads\/2018\/08\/14615019850_f719d0b816_b-768x337.jpg 768w\" sizes=\"(max-width: 1024px) 100vw, 1024px\" \/><\/div>\n<div class=\"edgtf-pli-text-holder\">\n\t<div class=\"edgtf-pli-text-wrapper\">\n\t\t<div class=\"edgtf-pli-text\">\n\t\t\t\n\t\t\t\t<h4 itemprop=\"name\" class=\"edgtf-pli-title entry-title\" >\n\t\tPunto de informaci\u00f3n y exposici\u00f3n de aves esteparias ZEPA Alto Guadiato\t<\/h4>\n\n\t\t\t    <div class=\"edgtf-gli-number-of-images-holder\" >\n        <span>9 pics<\/span>\n    <\/div>\n\n\n\t\t\t\t<p itemprop=\"description\" class=\"edgtf-pli-excerpt\">La Granjuela. C\u00f3rdoba, Espa\u00f1a Cofinanciado por la Comisi\u00f3n Europea dentro del Proyecto Life+ Naturaleza y Biodiversidad \u201cConservaci\u00f3n y gesti\u00f3n<\/p>\n\t\t\t<div class=\"edgtf-pli-text-read-more-button\">\n\t\t\t\t<a itemprop=\"url\" href=\"http:\/\/infra-mince.com\/en\/portfolio-item\/zepa_guadiato\/\" target=\"_self\" class=\"edgtf-btn edgtf-btn-medium edgtf-btn-simple edgtf-pli-button\">\n\t\t\t\t\t<svg version=\"1.1\" id=\"btn-arrow-378907465\" xmlns=\"http:\/\/www.w3.org\/2000\/svg\" xmlns:xlink=\"http:\/\/www.w3.org\/1999\/xlink\" x=\"0px\" y=\"0px\"\n\t\t\t\t\t\t width=\"18px\" height=\"4px\" viewBox=\"0 0 18 4\" enable-background=\"new 0 0 18 4\" xml:space=\"preserve\">\n                <polyline fill=\"none\" stroke=\"#323232\" stroke-miterlimit=\"10\" points=\"0,3.508 16.809,3.508 13.686,0.342 \"\/>\n                <\/svg>\n\t\t\t\t<\/a>\n\t\t\t<\/div>\n\t\t<\/div>\n\t<\/div>\n<\/div>\t\t\n\t\t<a itemprop=\"url\" class=\"edgtf-pli-link edgtf-block-drag-link\" href=\"http:\/\/infra-mince.com\/en\/portfolio-item\/zepa_guadiato\/\" target=\"_self\"><\/a>\n\t<\/div>\n<\/article><article class=\"edgtf-pl-item edgtf-item-space  post-6006 portfolio-item type-portfolio-item status-publish has-post-thumbnail hentry portfolio-category-parametrics-cad-cam portfolio-tag-modelado-parametrico-cad-cam-diseno-industrial-arquitectura-efimera-exposiciones-interaccion-multimedia\">\n\t<div class=\"edgtf-pl-item-inner\">\n\t\t<div class=\"edgtf-pli-image\">\n\t<img loading=\"lazy\" decoding=\"async\" width=\"600\" height=\"400\" src=\"http:\/\/infra-mince.com\/wp-content\/uploads\/2020\/05\/GR_th.png\" class=\"attachment-full size-full wp-post-image\" alt=\"\" srcset=\"http:\/\/infra-mince.com\/wp-content\/uploads\/2020\/05\/GR_th.png 600w, http:\/\/infra-mince.com\/wp-content\/uploads\/2020\/05\/GR_th-300x200.png 300w\" sizes=\"(max-width: 600px) 100vw, 600px\" \/><\/div>\n<div class=\"edgtf-pli-text-holder\">\n\t<div class=\"edgtf-pli-text-wrapper\">\n\t\t<div class=\"edgtf-pli-text\">\n\t\t\t\n\t\t\t\t<h4 itemprop=\"name\" class=\"edgtf-pli-title entry-title\" >\n\t\tExposici\u00f3n &#8220;Giulio Romano Experience&#8221; en Mantova\t<\/h4>\n\n\t\t\t\n\t\t\t\t<p itemprop=\"description\" class=\"edgtf-pli-excerpt\">Palazzo Te. Mantova, Italia. &nbsp; Tras diversas propuestas, la exposici\u00f3n inaugurada el uno de febrero de 2020 en el Palazzo Te de Mantova &#8220;G<\/p>\n\t\t\t<div class=\"edgtf-pli-text-read-more-button\">\n\t\t\t\t<a itemprop=\"url\" href=\"http:\/\/infra-mince.com\/en\/portfolio-item\/exposicion-giulio-romano-experience-en-mantova\/\" target=\"_self\" class=\"edgtf-btn edgtf-btn-medium edgtf-btn-simple edgtf-pli-button\">\n\t\t\t\t\t<svg version=\"1.1\" id=\"btn-arrow-1459043900\" xmlns=\"http:\/\/www.w3.org\/2000\/svg\" xmlns:xlink=\"http:\/\/www.w3.org\/1999\/xlink\" x=\"0px\" y=\"0px\"\n\t\t\t\t\t\t width=\"18px\" height=\"4px\" viewBox=\"0 0 18 4\" enable-background=\"new 0 0 18 4\" xml:space=\"preserve\">\n                <polyline fill=\"none\" stroke=\"#323232\" stroke-miterlimit=\"10\" points=\"0,3.508 16.809,3.508 13.686,0.342 \"\/>\n                <\/svg>\n\t\t\t\t<\/a>\n\t\t\t<\/div>\n\t\t<\/div>\n\t<\/div>\n<\/div>\t\t\n\t\t<a itemprop=\"url\" class=\"edgtf-pli-link edgtf-block-drag-link\" href=\"http:\/\/infra-mince.com\/en\/portfolio-item\/exposicion-giulio-romano-experience-en-mantova\/\" target=\"_self\"><\/a>\n\t<\/div>\n<\/article><article class=\"edgtf-pl-item edgtf-item-space  post-4331 portfolio-item type-portfolio-item status-publish has-post-thumbnail hentry portfolio-category-bim-as-built portfolio-tag-arquitectura\">\n\t<div class=\"edgtf-pl-item-inner\">\n\t\t<div class=\"edgtf-pli-image\">\n\t<img loading=\"lazy\" decoding=\"async\" width=\"600\" height=\"600\" src=\"http:\/\/infra-mince.com\/wp-content\/uploads\/2018\/06\/0516_arbe_05_mini-1.png\" class=\"attachment-full size-full wp-post-image\" alt=\"\" srcset=\"http:\/\/infra-mince.com\/wp-content\/uploads\/2018\/06\/0516_arbe_05_mini-1.png 600w, http:\/\/infra-mince.com\/wp-content\/uploads\/2018\/06\/0516_arbe_05_mini-1-150x150.png 150w, http:\/\/infra-mince.com\/wp-content\/uploads\/2018\/06\/0516_arbe_05_mini-1-300x300.png 300w, http:\/\/infra-mince.com\/wp-content\/uploads\/2018\/06\/0516_arbe_05_mini-1-550x550.png 550w\" sizes=\"(max-width: 600px) 100vw, 600px\" \/><\/div>\n<div class=\"edgtf-pli-text-holder\">\n\t<div class=\"edgtf-pli-text-wrapper\">\n\t\t<div class=\"edgtf-pli-text\">\n\t\t\t\n\t\t\t\t<h4 itemprop=\"name\" class=\"edgtf-pli-title entry-title\" >\n\t\tVivienda &#8220;Arb\u00e9 House&#8221;\t<\/h4>\n\n\t\t\t    <div class=\"edgtf-gli-number-of-images-holder\" >\n        <span>5 pics<\/span>\n    <\/div>\n\n\n\t\t\t\t<p itemprop=\"description\" class=\"edgtf-pli-excerpt\">Cornell\u00e0. Barcelona Proyecto y direcci\u00f3n de casa unifamiliar entre medianeras. La fachada refleja claramente la dualidad de usos de esta vivienda un<\/p>\n\t\t\t<div class=\"edgtf-pli-text-read-more-button\">\n\t\t\t\t<a itemprop=\"url\" href=\"http:\/\/infra-mince.com\/en\/portfolio-item\/arbe_house\/\" target=\"_self\" class=\"edgtf-btn edgtf-btn-medium edgtf-btn-simple edgtf-pli-button\">\n\t\t\t\t\t<svg version=\"1.1\" id=\"btn-arrow-1061324318\" xmlns=\"http:\/\/www.w3.org\/2000\/svg\" xmlns:xlink=\"http:\/\/www.w3.org\/1999\/xlink\" x=\"0px\" y=\"0px\"\n\t\t\t\t\t\t width=\"18px\" height=\"4px\" viewBox=\"0 0 18 4\" enable-background=\"new 0 0 18 4\" xml:space=\"preserve\">\n                <polyline fill=\"none\" stroke=\"#323232\" stroke-miterlimit=\"10\" points=\"0,3.508 16.809,3.508 13.686,0.342 \"\/>\n                <\/svg>\n\t\t\t\t<\/a>\n\t\t\t<\/div>\n\t\t<\/div>\n\t<\/div>\n<\/div>\t\t\n\t\t<a itemprop=\"url\" class=\"edgtf-pli-link edgtf-block-drag-link\" href=\"http:\/\/infra-mince.com\/en\/portfolio-item\/arbe_house\/\" target=\"_self\"><\/a>\n\t<\/div>\n<\/article><article class=\"edgtf-pl-item edgtf-item-space  post-4766 portfolio-item type-portfolio-item status-publish has-post-thumbnail hentry portfolio-tag-cad-cam-modelado-parametrico-diseno-industrial-arquitectura-efimera-exposiciones-interaccion-multimedia\">\n\t<div class=\"edgtf-pl-item-inner\">\n\t\t<div class=\"edgtf-pli-image\">\n\t<img loading=\"lazy\" decoding=\"async\" width=\"681\" height=\"681\" src=\"http:\/\/infra-mince.com\/wp-content\/uploads\/2018\/08\/1738_th.jpg\" class=\"attachment-full size-full wp-post-image\" alt=\"\" srcset=\"http:\/\/infra-mince.com\/wp-content\/uploads\/2018\/08\/1738_th.jpg 681w, http:\/\/infra-mince.com\/wp-content\/uploads\/2018\/08\/1738_th-150x150.jpg 150w, http:\/\/infra-mince.com\/wp-content\/uploads\/2018\/08\/1738_th-300x300.jpg 300w, http:\/\/infra-mince.com\/wp-content\/uploads\/2018\/08\/1738_th-550x550.jpg 550w\" sizes=\"(max-width: 681px) 100vw, 681px\" \/><\/div>\n<div class=\"edgtf-pli-text-holder\">\n\t<div class=\"edgtf-pli-text-wrapper\">\n\t\t<div class=\"edgtf-pli-text\">\n\t\t\t\n\t\t\t\t<h4 itemprop=\"name\" class=\"edgtf-pli-title entry-title\" >\n\t\tExposici\u00f3n \u201cArqCatM\u00f3n\u201d\t<\/h4>\n\n\t\t\t    <div class=\"edgtf-gli-number-of-images-holder\" >\n        <span>20 pics<\/span>\n    <\/div>\n\n\n\t\t\t\t<p itemprop=\"description\" class=\"edgtf-pli-excerpt\">Sala de exposiciones del Colegio de Arquitectos de Catalunya COAC. Barcelona Dise\u00f1o y montaje en la sala de exposiciones de la sede del Col.legi d\u2019<\/p>\n\t\t\t<div class=\"edgtf-pli-text-read-more-button\">\n\t\t\t\t<a itemprop=\"url\" href=\"http:\/\/infra-mince.com\/en\/portfolio-item\/arqcatmon\/\" target=\"_self\" class=\"edgtf-btn edgtf-btn-medium edgtf-btn-simple edgtf-pli-button\">\n\t\t\t\t\t<svg version=\"1.1\" id=\"btn-arrow-1713775166\" xmlns=\"http:\/\/www.w3.org\/2000\/svg\" xmlns:xlink=\"http:\/\/www.w3.org\/1999\/xlink\" x=\"0px\" y=\"0px\"\n\t\t\t\t\t\t width=\"18px\" height=\"4px\" viewBox=\"0 0 18 4\" enable-background=\"new 0 0 18 4\" xml:space=\"preserve\">\n                <polyline fill=\"none\" stroke=\"#323232\" stroke-miterlimit=\"10\" points=\"0,3.508 16.809,3.508 13.686,0.342 \"\/>\n                <\/svg>\n\t\t\t\t<\/a>\n\t\t\t<\/div>\n\t\t<\/div>\n\t<\/div>\n<\/div>\t\t\n\t\t<a itemprop=\"url\" class=\"edgtf-pli-link edgtf-block-drag-link\" href=\"http:\/\/infra-mince.com\/en\/portfolio-item\/arqcatmon\/\" target=\"_self\"><\/a>\n\t<\/div>\n<\/article>\t<\/div>\n\t\n\t<\/div>[\/vc_column][\/vc_row]<\/p>\n\n\n<p><\/p>\n","protected":false},"excerpt":{"rendered":"<p>[vc_row row_content_width=&#8221;grid&#8221; css=&#8221;.vc_custom_1534955947983{padding-bottom: 50px !important;}&#8221;][vc_column offset=&#8221;vc_col-md-offset-0 vc_col-md-12 vc_col-sm-offset-0 vc_col-xs-12&#8243;][\/vc_column][\/vc_row]<\/p>\n","protected":false},"author":1,"featured_media":0,"parent":5877,"menu_order":1,"comment_status":"closed","ping_status":"closed","template":"full-width.php","meta":{"footnotes":""},"class_list":["post-4374","page","type-page","status-publish","hentry"],"_links":{"self":[{"href":"http:\/\/infra-mince.com\/en\/wp-json\/wp\/v2\/pages\/4374","targetHints":{"allow":["GET"]}}],"collection":[{"href":"http:\/\/infra-mince.com\/en\/wp-json\/wp\/v2\/pages"}],"about":[{"href":"http:\/\/infra-mince.com\/en\/wp-json\/wp\/v2\/types\/page"}],"author":[{"embeddable":true,"href":"http:\/\/infra-mince.com\/en\/wp-json\/wp\/v2\/users\/1"}],"replies":[{"embeddable":true,"href":"http:\/\/infra-mince.com\/en\/wp-json\/wp\/v2\/comments?post=4374"}],"version-history":[{"count":44,"href":"http:\/\/infra-mince.com\/en\/wp-json\/wp\/v2\/pages\/4374\/revisions"}],"predecessor-version":[{"id":6415,"href":"http:\/\/infra-mince.com\/en\/wp-json\/wp\/v2\/pages\/4374\/revisions\/6415"}],"up":[{"embeddable":true,"href":"http:\/\/infra-mince.com\/en\/wp-json\/wp\/v2\/pages\/5877"}],"wp:attachment":[{"href":"http:\/\/infra-mince.com\/en\/wp-json\/wp\/v2\/media?parent=4374"}],"curies":[{"name":"wp","href":"https:\/\/api.w.org\/{rel}","templated":true}]}}